{"id":5576,"date":"2023-06-22T13:06:20","date_gmt":"2023-06-22T13:06:20","guid":{"rendered":"https:\/\/www.himalayanecotourism.com\/?page_id=5576"},"modified":"2024-11-21T15:14:26","modified_gmt":"2024-11-21T09:44:26","slug":"education-program-himalaya","status":"publish","type":"page","link":"https:\/\/www.himalayanecotourism.com\/fr\/programme-deducation-himalaya\/","title":{"rendered":"D\u00e9veloppement de l&#039;enfant"},"content":{"rendered":"<section class=\"wpb-content-wrapper\"><div class=\"vc_row wpb_row vc_row-fluid\" ><div class=\"wpb_column vc_column_container vc_col-sm-10\"><div class=\"vc_column-inner\"><div class=\"wpb_wrapper\">\n\t<div class=\"wpb_text_column wpb_content_element\" >\n\t\t<div class=\"wpb_wrapper\">\n\t\t\t<h2>D\u00e9veloppement de l&#039;enfant<\/h2>\n\n\t\t<\/div>\n\t<\/div>\n<\/div><\/div><\/div><div class=\"wpb_column vc_column_container vc_col-sm-2\"><div class=\"vc_column-inner vc_custom_1691314685823\"><div class=\"wpb_wrapper\"><a itemprop=\"url\" href=\"https:\/\/www.himalayanecotourism.com\/fr\/contactez-nous\/\" target=\"_blank\" style=\"color: #ffffff;background-color: #7ec8c6\" class=\"qodef-btn qodef-btn-medium qodef-btn-solid qodef-btn-custom-hover-bg qodef-btn-custom-hover-color qodef-btn-icon\" data-hover-color=\"#ffffff\" data-hover-bg-color=\"#8ee0de\" >\n    <span class=\"qodef-btn-text\">Contact<\/span>\n    <span aria-hidden=\"true\" class=\"qodef-icon-font-elegant arrow_carrot-right\" ><\/span><\/a><\/div><\/div><\/div><\/div><div class=\"vc_row wpb_row vc_row-fluid\" ><div class=\"wpb_column vc_column_container vc_col-sm-12\"><div class=\"vc_column-inner\"><div class=\"wpb_wrapper\"><div class=\"vc_separator wpb_content_element vc_separator_align_center vc_sep_width_100 vc_sep_pos_align_center vc_separator_no_text vc_sep_color_grey vc_custom_1691306186355  vc_custom_1691306186355\" ><span class=\"vc_sep_holder vc_sep_holder_l\"><span class=\"vc_sep_line\"><\/span><\/span><span class=\"vc_sep_holder vc_sep_holder_r\"><span class=\"vc_sep_line\"><\/span><\/span>\n<\/div><\/div><\/div><\/div><\/div><div class=\"vc_row wpb_row vc_row-fluid vc_custom_1691378514258\" ><div class=\"wpb_column vc_column_container vc_col-sm-12\"><div class=\"vc_column-inner\"><div class=\"wpb_wrapper\">\n\t<div class=\"wpb_text_column wpb_content_element\" >\n\t\t<div class=\"wpb_wrapper\">\n\t\t\t<h3>D\u00e9veloppement holistique pour les \u00e9tudiants<\/h3>\n\n\t\t<\/div>\n\t<\/div>\n<\/div><\/div><\/div><\/div><div class=\"vc_row wpb_row vc_row-fluid\" ><div class=\"wpb_column vc_column_container vc_col-sm-6\"><div class=\"vc_column-inner\"><div class=\"wpb_wrapper\">\n\t<div class=\"wpb_text_column wpb_content_element\" >\n\t\t<div class=\"wpb_wrapper\">\n\t\t\t<p>Afin de r\u00e9soudre le probl\u00e8me du manque d&#039;\u00e9ducation de qualit\u00e9 dans la r\u00e9gion et d&#039;initier une jeune g\u00e9n\u00e9ration sur la voie de la durabilit\u00e9 et de l&#039;\u00e9galit\u00e9, nous avons ouvert des \u00e9coles dans deux villages de la vall\u00e9e de Tirthan, district de Kullu, pendant la pand\u00e9mie de Covid-19.<\/p>\n<p>Deux femmes de chaque village ont \u00e9t\u00e9 s\u00e9lectionn\u00e9es pour enseigner aux enfants. Himalayan Ecotourism a travaill\u00e9 avec des stagiaires pour assurer la formation de nos professeurs.<br \/>\nEn plus de l&#039;hindi et des math\u00e9matiques, de nombreuses autres mati\u00e8res ont \u00e9t\u00e9 enseign\u00e9es avec davantage d&#039;exercices et d&#039;activit\u00e9s pratiques, avec une approche bas\u00e9e sur l&#039;application pour garantir que les enfants apprennent non seulement la th\u00e9orie, mais qu&#039;ils se familiarisent \u00e9galement avec les comp\u00e9tences de la vie r\u00e9elle, une vision du monde plus large et une attitude empathique envers la soci\u00e9t\u00e9.<\/p>\n<p>La petite \u00e9cole du village de Pekhri a \u00e9t\u00e9 \u00e9quip\u00e9e de trois ordinateurs qui permettent aux enfants de se familiariser avec Internet et d&#039;apprendre l&#039;anglais.<\/p>\n<p>Pour faire partie de notre \u00e9quipe de stagiaires qui nous rejoignent en provenance de certaines des institutions les plus renomm\u00e9es \u00e0 travers le monde,\u00a0<a class=\"red\" href=\"https:\/\/www.himalayanecotourism.com\/fr\/get-involved.html\/\" target=\"_blank\" rel=\"noopener\"><strong>Cliquez ici<\/strong><\/a>.<\/p>\n\n\t\t<\/div>\n\t<\/div>\n<\/div><\/div><\/div><div class=\"wpb_column vc_column_container vc_col-sm-6 vc_col-has-fill\"><div class=\"vc_column-inner vc_custom_1692107018291\"><div class=\"wpb_wrapper\">\n\t<div  class=\"wpb_single_image wpb_content_element vc_align_center  vc_custom_1701430969309\">\n\t\t\n\t\t<figure class=\"wpb_wrapper vc_figure\">\n\t\t\t<a class=\"\" data-lightbox=\"lightbox[rel-5576-2089702786]\" href=\"https:\/\/www.himalayanecotourism.com\/wp-content\/uploads\/2023\/06\/education-himalaya-01-1024x683.jpg\" target=\"_self\"><img decoding=\"async\" width=\"1270\" height=\"847\" src=\"https:\/\/www.himalayanecotourism.com\/wp-content\/uploads\/2023\/06\/education-himalaya-01.jpg\" class=\"vc_single_image-img attachment-full\" alt=\"Enfants de l&#039;\u00e9cole primaire de la vall\u00e9e de Tirthan\" title=\"\u00c9ducation Himalaya 01\" srcset=\"https:\/\/www.himalayanecotourism.com\/wp-content\/uploads\/2023\/06\/education-himalaya-01.jpg 1270w, https:\/\/www.himalayanecotourism.com\/wp-content\/uploads\/2023\/06\/education-himalaya-01-300x200.jpg 300w, https:\/\/www.himalayanecotourism.com\/wp-content\/uploads\/2023\/06\/education-himalaya-01-1024x683.jpg 1024w, https:\/\/www.himalayanecotourism.com\/wp-content\/uploads\/2023\/06\/education-himalaya-01-768x512.jpg 768w, https:\/\/www.himalayanecotourism.com\/wp-content\/uploads\/2023\/06\/education-himalaya-01-600x400.jpg 600w\" sizes=\"(max-width: 1270px) 100vw, 1270px\" \/><\/a>\n\t\t<\/figure>\n\t<\/div>\n\n\t<div class=\"wpb_text_column wpb_content_element  vc_custom_1701431094891\" >\n\t\t<div class=\"wpb_wrapper\">\n\t\t\t<p><span style=\"color: #79a09f; font-size: 1.2em; font-weight: 600;\">ENFANTS DE L&#039;\u00c9COLE PRIMAIRE<br \/>\n<\/span>A notre \u00e9cole du village Bhiyar, vall\u00e9e de Tirthan, Great Himalayan National Park.<\/p>\n\n\t\t<\/div>\n\t<\/div>\n<\/div><\/div><\/div><\/div><div class=\"vc_row wpb_row vc_row-fluid\" ><div class=\"wpb_column vc_column_container vc_col-sm-12\"><div class=\"vc_column-inner\"><div class=\"wpb_wrapper\"><div class=\"vc_separator wpb_content_element vc_separator_align_center vc_sep_width_100 vc_sep_pos_align_center vc_separator_no_text vc_sep_color_grey vc_custom_1691306186355  vc_custom_1691306186355\" ><span class=\"vc_sep_holder vc_sep_holder_l\"><span class=\"vc_sep_line\"><\/span><\/span><span class=\"vc_sep_holder vc_sep_holder_r\"><span class=\"vc_sep_line\"><\/span><\/span>\n<\/div><\/div><\/div><\/div><\/div><div class=\"vc_row wpb_row vc_row-fluid vc_custom_1691378514258\" ><div class=\"wpb_column vc_column_container vc_col-sm-12\"><div class=\"vc_column-inner\"><div class=\"wpb_wrapper\">\n\t<div class=\"wpb_text_column wpb_content_element\" >\n\t\t<div class=\"wpb_wrapper\">\n\t\t\t<h3>\u00c9tudiants pour la conservation<\/h3>\n\n\t\t<\/div>\n\t<\/div>\n<\/div><\/div><\/div><\/div><div class=\"vc_row wpb_row vc_row-fluid\" ><div class=\"wpb_column vc_column_container vc_col-sm-6 vc_col-has-fill\"><div class=\"vc_column-inner vc_custom_1692107412299\"><div class=\"wpb_wrapper\">\n\t<div  class=\"wpb_single_image wpb_content_element vc_align_center  vc_custom_1701431227758\">\n\t\t\n\t\t<figure class=\"wpb_wrapper vc_figure\">\n\t\t\t<a class=\"\" data-lightbox=\"lightbox[rel-5576-577533777]\" href=\"https:\/\/www.himalayanecotourism.com\/wp-content\/uploads\/2023\/06\/education-himalaya-02-1024x682.jpg\" target=\"_self\"><img decoding=\"async\" width=\"1270\" height=\"846\" src=\"https:\/\/www.himalayanecotourism.com\/wp-content\/uploads\/2023\/06\/education-himalaya-02.jpg\" class=\"vc_single_image-img attachment-full\" alt=\"Impliquer les enfants dans le programme de reforestation de la vall\u00e9e de Tirthan\" title=\"\u00c9ducation Himalaya 02\" srcset=\"https:\/\/www.himalayanecotourism.com\/wp-content\/uploads\/2023\/06\/education-himalaya-02.jpg 1270w, https:\/\/www.himalayanecotourism.com\/wp-content\/uploads\/2023\/06\/education-himalaya-02-300x200.jpg 300w, https:\/\/www.himalayanecotourism.com\/wp-content\/uploads\/2023\/06\/education-himalaya-02-1024x682.jpg 1024w, https:\/\/www.himalayanecotourism.com\/wp-content\/uploads\/2023\/06\/education-himalaya-02-768x512.jpg 768w, https:\/\/www.himalayanecotourism.com\/wp-content\/uploads\/2023\/06\/education-himalaya-02-600x400.jpg 600w\" sizes=\"(max-width: 1270px) 100vw, 1270px\" \/><\/a>\n\t\t<\/figure>\n\t<\/div>\n\n\t<div class=\"wpb_text_column wpb_content_element  vc_custom_1701431261190\" >\n\t\t<div class=\"wpb_wrapper\">\n\t\t\t<p><span style=\"color: #79a09f; font-size: 1.2em; font-weight: 600;\">PR\u00c9PARER LEUR AVENIR<br \/>\n<\/span>Impliquer les enfants locaux dans notre programme de reforestation apporte un sentiment de responsabilit\u00e9 envers l&#039;environnement naturel.<\/p>\n\n\t\t<\/div>\n\t<\/div>\n<\/div><\/div><\/div><div class=\"wpb_column vc_column_container vc_col-sm-6\"><div class=\"vc_column-inner\"><div class=\"wpb_wrapper\">\n\t<div class=\"wpb_text_column wpb_content_element\" >\n\t\t<div class=\"wpb_wrapper\">\n\t\t\t<p>Notre objectif est de toucher le plus t\u00f4t possible les \u00e9tudiants qui \u00e9tudient dans ce domaine pour les sensibiliser aux dangers environnementaux des incendies de for\u00eat et leur faire comprendre comment ils peuvent aider.<\/p>\n<p>C&#039;est pourquoi nous avons lanc\u00e9 la campagne \u00ab Stop aux incendies de for\u00eat \u00bb.<\/p>\n<p>Dans le cadre de ce programme, nous avons organis\u00e9 des s\u00e9ances de sensibilisation dans les classes, les avons encourag\u00e9s \u00e0 contacter les habitants de leur village pour partager les m\u00eames informations et les emp\u00eacher d&#039;allumer des feux contr\u00f4l\u00e9s, et distribu\u00e9 des brochures dans les communaut\u00e9s locales avec l&#039;aide des \u00e9tudiants.<\/p>\n\n\t\t<\/div>\n\t<\/div>\n<\/div><\/div><\/div><\/div><div class=\"vc_row wpb_row vc_row-fluid\" ><div class=\"wpb_column vc_column_container vc_col-sm-12\"><div class=\"vc_column-inner\"><div class=\"wpb_wrapper\"><div class=\"vc_separator wpb_content_element vc_separator_align_center vc_sep_width_100 vc_sep_pos_align_center vc_separator_no_text vc_sep_color_grey vc_custom_1691306186355  vc_custom_1691306186355\" ><span class=\"vc_sep_holder vc_sep_holder_l\"><span class=\"vc_sep_line\"><\/span><\/span><span class=\"vc_sep_holder vc_sep_holder_r\"><span class=\"vc_sep_line\"><\/span><\/span>\n<\/div><\/div><\/div><\/div><\/div><div class=\"vc_row wpb_row vc_row-fluid vc_custom_1691378514258\" ><div class=\"wpb_column vc_column_container vc_col-sm-12\"><div class=\"vc_column-inner\"><div class=\"wpb_wrapper\">\n\t<div class=\"wpb_text_column wpb_content_element\" >\n\t\t<div class=\"wpb_wrapper\">\n\t\t\t<h3>D\u00e9velopper un programme d&#039;\u00e9tudes immersif dans la nature pour l&#039;\u00e9cologie et la conservation des montagnes<\/h3>\n\n\t\t<\/div>\n\t<\/div>\n<\/div><\/div><\/div><\/div><div class=\"vc_row wpb_row vc_row-fluid\" ><div class=\"wpb_column vc_column_container vc_col-sm-6\"><div class=\"vc_column-inner\"><div class=\"wpb_wrapper\">\n\t<div class=\"wpb_text_column wpb_content_element\" >\n\t\t<div class=\"wpb_wrapper\">\n\t\t\t<p>Nous lan\u00e7ons actuellement un programme immersif d&#039;\u00e9ducation \u00e0 la nature dans les \u00e9coles locales de la vall\u00e9e afin de cr\u00e9er une conscience \u00e9cologique chez les enfants et les jeunes adultes des communaut\u00e9s.<\/p>\n<p>Gr\u00e2ce \u00e0 notre programme de 3 mois, nous emmenons les \u00e9tudiants dans un voyage en 3 \u00e9tapes pour, premi\u00e8rement, observer et renouer avec la nature, deuxi\u00e8mement, commencer \u00e0 comprendre les concepts fondamentaux de l&#039;\u00e9cologie et de la conservation et enfin, appliquer leurs apprentissages \u00e0 leurs m\u00e9nages et communaut\u00e9s et \u00e9valuer la durabilit\u00e9 dans leur contexte. .<\/p>\n<p>Nous voulons donner aux jeunes esprits en herbe les facult\u00e9s n\u00e9cessaires pour \u00e9valuer leurs communaut\u00e9s et leur donner les moyens de mener des projets de d\u00e9veloppement durable \u00e0 mesure qu&#039;ils grandissent.<\/p>\n<p>Gr\u00e2ce \u00e0 des le\u00e7ons captivantes qui impliquent le mouvement, la peinture, la sculpture et l&#039;observation, les enfants s&#039;amusent mais commencent \u00e9galement \u00e0 appr\u00e9cier et \u00e0 comprendre la for\u00eat avec laquelle ils vivent si \u00e9troitement.<\/p>\n<p>D\u2019ici mars 2023, nous aurons \u00e9labor\u00e9 un programme complet qui pourra \u00eatre reproduit et mis en \u0153uvre dans les \u00e9coles de l\u2019Himalaya.<\/p>\n\n\t\t<\/div>\n\t<\/div>\n<\/div><\/div><\/div><div class=\"wpb_column vc_column_container vc_col-sm-6 vc_col-has-fill\"><div class=\"vc_column-inner vc_custom_1692107018291\"><div class=\"wpb_wrapper\">\n\t<div  class=\"wpb_single_image wpb_content_element vc_align_center  vc_custom_1701431538592\">\n\t\t\n\t\t<figure class=\"wpb_wrapper vc_figure\">\n\t\t\t<a class=\"\" data-lightbox=\"lightbox[rel-5576-2373475564]\" href=\"https:\/\/www.himalayanecotourism.com\/wp-content\/uploads\/2023\/06\/children-education-1024x683.jpg\" target=\"_self\"><img decoding=\"async\" width=\"1270\" height=\"847\" src=\"https:\/\/www.himalayanecotourism.com\/wp-content\/uploads\/2023\/06\/children-education.jpg\" class=\"vc_single_image-img attachment-full\" alt=\"Programme d&#039;\u00e9ducation \u00e0 la nature dans la vall\u00e9e de Tirthan - Pekhri\" title=\"\u00c9ducation des enfants\" srcset=\"https:\/\/www.himalayanecotourism.com\/wp-content\/uploads\/2023\/06\/children-education.jpg 1270w, https:\/\/www.himalayanecotourism.com\/wp-content\/uploads\/2023\/06\/children-education-300x200.jpg 300w, https:\/\/www.himalayanecotourism.com\/wp-content\/uploads\/2023\/06\/children-education-1024x683.jpg 1024w, https:\/\/www.himalayanecotourism.com\/wp-content\/uploads\/2023\/06\/children-education-768x512.jpg 768w, https:\/\/www.himalayanecotourism.com\/wp-content\/uploads\/2023\/06\/children-education-600x400.jpg 600w\" sizes=\"(max-width: 1270px) 100vw, 1270px\" \/><\/a>\n\t\t<\/figure>\n\t<\/div>\n\n\t<div class=\"wpb_text_column wpb_content_element  vc_custom_1701431570656\" >\n\t\t<div class=\"wpb_wrapper\">\n\t\t\t<p><span style=\"color: #79a09f; font-size: 1.2em; font-weight: 600;\">KITAAB AUR VAADIYAN<br \/>\n<\/span>Notre programme d&#039;\u00e9ducation immersive \u00e0 la nature dans le village de Pekhri.<\/p>\n\n\t\t<\/div>\n\t<\/div>\n<\/div><\/div><\/div><\/div><div class=\"vc_row wpb_row vc_row-fluid\" ><div class=\"wpb_column vc_column_container vc_col-sm-12\"><div class=\"vc_column-inner\"><div class=\"wpb_wrapper\"><div class=\"vc_separator wpb_content_element vc_separator_align_center vc_sep_width_100 vc_sep_pos_align_center vc_separator_no_text vc_sep_color_grey vc_custom_1691306186355  vc_custom_1691306186355\" ><span class=\"vc_sep_holder vc_sep_holder_l\"><span class=\"vc_sep_line\"><\/span><\/span><span class=\"vc_sep_holder vc_sep_holder_r\"><span class=\"vc_sep_line\"><\/span><\/span>\n<\/div><\/div><\/div><\/div><\/div><div class=\"vc_row wpb_row vc_row-fluid vc_custom_1691378514258\" ><div class=\"wpb_column vc_column_container vc_col-sm-12\"><div class=\"vc_column-inner\"><div class=\"wpb_wrapper\">\n\t<div class=\"wpb_text_column wpb_content_element\" >\n\t\t<div class=\"wpb_wrapper\">\n\t\t\t<h3>Projet de d\u00e9veloppement de l&#039;enfant Tirthan<\/h3>\n\n\t\t<\/div>\n\t<\/div>\n<\/div><\/div><\/div><\/div><div class=\"vc_row wpb_row vc_row-fluid\" ><div class=\"wpb_column vc_column_container vc_col-sm-6 vc_col-has-fill\"><div class=\"vc_column-inner vc_custom_1692107412299\"><div class=\"wpb_wrapper\">\n\t<div  class=\"wpb_single_image wpb_content_element vc_align_center  vc_custom_1707564659775\">\n\t\t\n\t\t<figure class=\"wpb_wrapper vc_figure\">\n\t\t\t<a class=\"\" data-lightbox=\"lightbox[rel-5576-2515460563]\" href=\"https:\/\/www.himalayanecotourism.com\/wp-content\/uploads\/2023\/06\/education-himalaya-03-1024x683.jpg\" target=\"_self\"><img decoding=\"async\" width=\"1270\" height=\"847\" src=\"https:\/\/www.himalayanecotourism.com\/wp-content\/uploads\/2023\/06\/education-himalaya-03.jpg\" class=\"vc_single_image-img attachment-full\" alt=\"\u00c9ducation des enfants dans la vall\u00e9e de Tirthan\" title=\"\u00c9ducation Himalaya 03\" srcset=\"https:\/\/www.himalayanecotourism.com\/wp-content\/uploads\/2023\/06\/education-himalaya-03.jpg 1270w, https:\/\/www.himalayanecotourism.com\/wp-content\/uploads\/2023\/06\/education-himalaya-03-300x200.jpg 300w, https:\/\/www.himalayanecotourism.com\/wp-content\/uploads\/2023\/06\/education-himalaya-03-1024x683.jpg 1024w, https:\/\/www.himalayanecotourism.com\/wp-content\/uploads\/2023\/06\/education-himalaya-03-768x512.jpg 768w, https:\/\/www.himalayanecotourism.com\/wp-content\/uploads\/2023\/06\/education-himalaya-03-600x400.jpg 600w\" sizes=\"(max-width: 1270px) 100vw, 1270px\" \/><\/a>\n\t\t<\/figure>\n\t<\/div>\n\n\t<div class=\"wpb_text_column wpb_content_element  vc_custom_1701431723168\" >\n\t\t<div class=\"wpb_wrapper\">\n\t\t\t<p><span style=\"color: #79a09f; font-size: 1.2em; font-weight: 600;\">FORMATION COMPL\u00c9MENTAIRE<br \/>\n<\/span>L&#039;enseignement de l&#039;anglais et de l&#039;informatique est l&#039;une de nos premi\u00e8res priorit\u00e9s lorsque nous pensons \u00e0 l&#039;enseignement compl\u00e9mentaire.<\/p>\n\n\t\t<\/div>\n\t<\/div>\n<\/div><\/div><\/div><div class=\"wpb_column vc_column_container vc_col-sm-6\"><div class=\"vc_column-inner\"><div class=\"wpb_wrapper\">\n\t<div class=\"wpb_text_column wpb_content_element\" >\n\t\t<div class=\"wpb_wrapper\">\n\t\t\t<p>Nous pensons que la coop\u00e9ration et la collaboration constituent le moyen le plus efficace de provoquer un changement significatif et durable. C&#039;est dans cet esprit que nous travaillons avec M. Shivam Gupta, un ami de Himalayan Ecotourism, pour ouvrir une biblioth\u00e8que pour enfants et un centre d&#039;apprentissage dans la vall\u00e9e.<\/p>\n<p>Shivam souhaitait lancer un projet social dans la r\u00e9gion et nous \u00e9tions ravis de travailler avec lui sur la base de nos ann\u00e9es d&#039;exp\u00e9rience dans le secteur. Apr\u00e8s r\u00e9flexion, nous avons d\u00e9cid\u00e9 d&#039;ouvrir la biblioth\u00e8que de Gushaini qui est accessible aux enfants de nombreux villages.<\/p>\n<p>Plus important encore, nous avons d\u00e9cid\u00e9 d&#039;\u00e9largir le r\u00f4le de la biblioth\u00e8que pour qu&#039;elle fonctionne \u00e9galement comme centre d&#039;\u00e9ducation compl\u00e9mentaire pour les enfants et comme centre de formation pour les enseignants des villages proches de Gushaini. Le but est que les enseignants form\u00e9s puissent reproduire un mod\u00e8le d\u2019enseignement compl\u00e9mentaire dans leurs villages respectifs. En fonction de leurs capacit\u00e9s, ils peuvent travailler avec autant d\u2019\u00e9tudiants que possible afin de maximiser notre impact.<\/p>\n<p>Pour participer \u00e0 notre travail de formation continue en tant que stagiaire ou b\u00e9n\u00e9vole,\u00a0<a class=\"red\" href=\"https:\/\/www.himalayanecotourism.com\/fr\/get-involved.html\/\" target=\"_blank\" rel=\"noopener\"><strong>Cliquez ici.<\/strong><\/a><br \/>\nSi vous \u00eates un professionnel de l&#039;\u00e9ducation exp\u00e9riment\u00e9 et souhaitez faire partie de ce projet, contactez-nous\u00a0<a class=\"red\" href=\"https:\/\/www.himalayanecotourism.com\/fr\/simpliquer\/\" target=\"_blank\" rel=\"noopener\"><strong>avec nous ici<\/strong><\/a><\/p>\n\n\t\t<\/div>\n\t<\/div>\n<\/div><\/div><\/div><\/div><div class=\"vc_row wpb_row vc_row-fluid\" ><div class=\"wpb_column vc_column_container vc_col-sm-12\"><div class=\"vc_column-inner\"><div class=\"wpb_wrapper\"><div class=\"vc_separator wpb_content_element vc_separator_align_center vc_sep_width_100 vc_sep_pos_align_center vc_separator_no_text vc_sep_color_grey vc_custom_1691306186355  vc_custom_1691306186355\" ><span class=\"vc_sep_holder vc_sep_holder_l\"><span class=\"vc_sep_line\"><\/span><\/span><span class=\"vc_sep_holder vc_sep_holder_r\"><span class=\"vc_sep_line\"><\/span><\/span>\n<\/div><\/div><\/div><\/div><\/div><div class=\"vc_row wpb_row vc_row-fluid vc_custom_1691378514258\" ><div class=\"wpb_column vc_column_container vc_col-sm-12\"><div class=\"vc_column-inner\"><div class=\"wpb_wrapper\">\n\t<div class=\"wpb_text_column wpb_content_element\" >\n\t\t<div class=\"wpb_wrapper\">\n\t\t\t<h3>Mise \u00e0 jour sur notre programme de d\u00e9veloppement de l&#039;enfant<\/h3>\n\n\t\t<\/div>\n\t<\/div>\n<\/div><\/div><\/div><\/div><div class=\"vc_row wpb_row vc_row-fluid\" ><div class=\"wpb_column vc_column_container vc_col-sm-12\"><div class=\"vc_column-inner\"><div class=\"wpb_wrapper\">\n\t<div class=\"wpb_text_column wpb_content_element\" >\n\t\t<div class=\"wpb_wrapper\">\n\t\t\t<p>Nous tenons \u00e0 vous informer que nous avons temporairement suspendu notre programme de d\u00e9veloppement de l&#039;enfant. Cette d\u00e9cision nous permet de concentrer nos ressources et notre \u00e9nergie sur des initiatives sociales et environnementales cruciales, notamment notre programme d&#039;autonomisation des femmes et d&#039;importants efforts de conservation, pour la prochaine saison 2024-2025.<\/p>\n<p>En nous concentrant sur ces initiatives, nous visons \u00e0 avoir un impact substantiel sur des probl\u00e8mes urgents qui correspondent \u00e0 nos valeurs fondamentales et \u00e0 notre vision du d\u00e9veloppement durable. Nous reconnaissons l&#039;importance de notre programme de d\u00e9veloppement de l&#039;enfant et recherchons activement des collaborateurs \u00e0 long terme qui partagent notre d\u00e9vouement \u00e0 ces causes. Si vous souhaitez collaborer avec nous sur ces projets essentiels, nous serions heureux de discuter de la mani\u00e8re dont nous pouvons travailler ensemble pour atteindre nos objectifs communs.<\/p>\n<p>Nous attendons avec impatience votre collaboration potentielle et de faire ensemble une diff\u00e9rence significative.<\/p>\n\n\t\t<\/div>\n\t<\/div>\n<\/div><\/div><\/div><\/div>\n<\/section>","protected":false},"excerpt":{"rendered":"D\u00e9veloppement de l&#039;enfant Enqu\u00eate D\u00e9veloppement holistique pour les \u00e9tudiants Afin de r\u00e9soudre le probl\u00e8me du manque d&#039;\u00e9ducation de qualit\u00e9 dans la r\u00e9gion et d&#039;introduire une jeune g\u00e9n\u00e9ration sur la voie de la durabilit\u00e9 et de l&#039;\u00e9galit\u00e9, nous avons ouvert des \u00e9coles dans deux [...]","protected":false},"author":1,"featured_media":6169,"parent":0,"menu_order":0,"comment_status":"closed","ping_status":"closed","template":"","meta":{"_acf_changed":false,"_monsterinsights_skip_tracking":false,"_monsterinsights_sitenote_active":false,"_monsterinsights_sitenote_note":"","_monsterinsights_sitenote_category":0,"footnotes":""},"class_list":["post-5576","page","type-page","status-publish","has-post-thumbnail","hentry"],"acf":[],"yoast_head":"<!-- This site is optimized with the Yoast SEO plugin v27.5 - https:\/\/yoast.com\/product\/yoast-seo-wordpress\/ -->\n<title>Child development - Himalayan Ecotourism<\/title>\n<meta name=\"description\" content=\"Explore Heco&#039;s journey of holistic child development as we guide village kids from Forest conservation to Mountain ecology. These children are defenders of our forests and they are actively participating in the forest fire prevention campaigns.\" \/>\n<meta name=\"robots\" content=\"index, follow, max-snippet:-1, max-image-preview:large, max-video-preview:-1\" \/>\n<link rel=\"canonical\" href=\"https:\/\/www.himalayanecotourism.com\/fr\/programme-deducation-himalaya\/\" \/>\n<meta property=\"og:locale\" content=\"fr_FR\" \/>\n<meta property=\"og:type\" content=\"article\" \/>\n<meta property=\"og:title\" content=\"Child development - Himalayan Ecotourism\" \/>\n<meta property=\"og:description\" content=\"Explore Heco&#039;s journey of holistic child development as we guide village kids from Forest conservation to Mountain ecology. These children are defenders of our forests and they are actively participating in the forest fire prevention campaigns.\" \/>\n<meta property=\"og:url\" content=\"https:\/\/www.himalayanecotourism.com\/fr\/programme-deducation-himalaya\/\" \/>\n<meta property=\"og:site_name\" content=\"Himalayan Ecotourism\" \/>\n<meta property=\"article:publisher\" content=\"https:\/\/www.facebook.com\/himalayanecotourism\/\" \/>\n<meta property=\"article:modified_time\" content=\"2024-11-21T09:44:26+00:00\" \/>\n<meta property=\"og:image\" content=\"https:\/\/www.himalayanecotourism.com\/wp-content\/uploads\/2023\/06\/education-link.jpg\" \/>\n\t<meta property=\"og:image:width\" content=\"800\" \/>\n\t<meta property=\"og:image:height\" content=\"533\" \/>\n\t<meta property=\"og:image:type\" content=\"image\/jpeg\" \/>\n<meta name=\"twitter:card\" content=\"summary_large_image\" \/>\n<meta name=\"twitter:site\" content=\"@HimalayanEcoT\" \/>\n<meta name=\"twitter:label1\" content=\"Dur\u00e9e de lecture estim\u00e9e\" \/>\n\t<meta name=\"twitter:data1\" content=\"6 minutes\" \/>\n<!-- \/ Yoast SEO plugin. -->","yoast_head_json":{"title":"Child development - Himalayan Ecotourism","description":"Explore Heco's journey of holistic child development as we guide village kids from Forest conservation to Mountain ecology. These children are defenders of our forests and they are actively participating in the forest fire prevention campaigns.","robots":{"index":"index","follow":"follow","max-snippet":"max-snippet:-1","max-image-preview":"max-image-preview:large","max-video-preview":"max-video-preview:-1"},"canonical":"https:\/\/www.himalayanecotourism.com\/fr\/programme-deducation-himalaya\/","og_locale":"fr_FR","og_type":"article","og_title":"Child development - Himalayan Ecotourism","og_description":"Explore Heco's journey of holistic child development as we guide village kids from Forest conservation to Mountain ecology. These children are defenders of our forests and they are actively participating in the forest fire prevention campaigns.","og_url":"https:\/\/www.himalayanecotourism.com\/fr\/programme-deducation-himalaya\/","og_site_name":"Himalayan Ecotourism","article_publisher":"https:\/\/www.facebook.com\/himalayanecotourism\/","article_modified_time":"2024-11-21T09:44:26+00:00","og_image":[{"width":800,"height":533,"url":"https:\/\/www.himalayanecotourism.com\/wp-content\/uploads\/2023\/06\/education-link.jpg","type":"image\/jpeg"}],"twitter_card":"summary_large_image","twitter_site":"@HimalayanEcoT","twitter_misc":{"Dur\u00e9e de lecture estim\u00e9e":"6 minutes"},"schema":{"@context":"https:\/\/schema.org","@graph":[{"@type":"WebPage","@id":"https:\/\/www.himalayanecotourism.com\/education-program-himalaya\/","url":"https:\/\/www.himalayanecotourism.com\/education-program-himalaya\/","name":"Child development - Himalayan Ecotourism","isPartOf":{"@id":"https:\/\/www.himalayanecotourism.com\/#website"},"primaryImageOfPage":{"@id":"https:\/\/www.himalayanecotourism.com\/education-program-himalaya\/#primaryimage"},"image":{"@id":"https:\/\/www.himalayanecotourism.com\/education-program-himalaya\/#primaryimage"},"thumbnailUrl":"https:\/\/www.himalayanecotourism.com\/wp-content\/uploads\/2023\/06\/education-link.jpg","datePublished":"2023-06-22T13:06:20+00:00","dateModified":"2024-11-21T09:44:26+00:00","description":"Explore Heco's journey of holistic child development as we guide village kids from Forest conservation to Mountain ecology. These children are defenders of our forests and they are actively participating in the forest fire prevention campaigns.","breadcrumb":{"@id":"https:\/\/www.himalayanecotourism.com\/education-program-himalaya\/#breadcrumb"},"inLanguage":"fr-FR","potentialAction":[{"@type":"ReadAction","target":["https:\/\/www.himalayanecotourism.com\/education-program-himalaya\/"]}]},{"@type":"ImageObject","inLanguage":"fr-FR","@id":"https:\/\/www.himalayanecotourism.com\/education-program-himalaya\/#primaryimage","url":"https:\/\/www.himalayanecotourism.com\/wp-content\/uploads\/2023\/06\/education-link.jpg","contentUrl":"https:\/\/www.himalayanecotourism.com\/wp-content\/uploads\/2023\/06\/education-link.jpg","width":800,"height":533,"caption":"Child development program in the Tirthan Valley"},{"@type":"BreadcrumbList","@id":"https:\/\/www.himalayanecotourism.com\/education-program-himalaya\/#breadcrumb","itemListElement":[{"@type":"ListItem","position":1,"name":"Home","item":"https:\/\/www.himalayanecotourism.com\/"},{"@type":"ListItem","position":2,"name":"Child development"}]},{"@type":"WebSite","@id":"https:\/\/www.himalayanecotourism.com\/#website","url":"https:\/\/www.himalayanecotourism.com\/","name":"Himalayan Ecotourism","description":"Creating Joy and Sustainability in the Himalayas","publisher":{"@id":"https:\/\/www.himalayanecotourism.com\/#organization"},"alternateName":"Heco","potentialAction":[{"@type":"SearchAction","target":{"@type":"EntryPoint","urlTemplate":"https:\/\/www.himalayanecotourism.com\/?s={search_term_string}"},"query-input":{"@type":"PropertyValueSpecification","valueRequired":true,"valueName":"search_term_string"}}],"inLanguage":"fr-FR"},{"@type":"Organization","@id":"https:\/\/www.himalayanecotourism.com\/#organization","name":"Himalayan Ecotourism","alternateName":"Heco","url":"https:\/\/www.himalayanecotourism.com\/","logo":{"@type":"ImageObject","inLanguage":"fr-FR","@id":"https:\/\/www.himalayanecotourism.com\/#\/schema\/logo\/image\/","url":"https:\/\/www.himalayanecotourism.com\/wp-content\/uploads\/2018\/09\/HET-logo-dark-2023-350.png","contentUrl":"https:\/\/www.himalayanecotourism.com\/wp-content\/uploads\/2018\/09\/HET-logo-dark-2023-350.png","width":450,"height":95,"caption":"Himalayan Ecotourism"},"image":{"@id":"https:\/\/www.himalayanecotourism.com\/#\/schema\/logo\/image\/"},"sameAs":["https:\/\/www.facebook.com\/himalayanecotourism\/","https:\/\/x.com\/HimalayanEcoT","https:\/\/www.youtube.com\/@HimalayanEcotourism\/videos","https:\/\/www.instagram.com\/himalayanecotourism\/","https:\/\/www.linkedin.com\/company\/9425455\/","https:\/\/in.pinterest.com\/himalayaecotour\/"]}]}},"_links":{"self":[{"href":"https:\/\/www.himalayanecotourism.com\/fr\/wp-json\/wp\/v2\/pages\/5576","targetHints":{"allow":["GET"]}}],"collection":[{"href":"https:\/\/www.himalayanecotourism.com\/fr\/wp-json\/wp\/v2\/pages"}],"about":[{"href":"https:\/\/www.himalayanecotourism.com\/fr\/wp-json\/wp\/v2\/types\/page"}],"author":[{"embeddable":true,"href":"https:\/\/www.himalayanecotourism.com\/fr\/wp-json\/wp\/v2\/users\/1"}],"replies":[{"embeddable":true,"href":"https:\/\/www.himalayanecotourism.com\/fr\/wp-json\/wp\/v2\/comments?post=5576"}],"version-history":[{"count":13,"href":"https:\/\/www.himalayanecotourism.com\/fr\/wp-json\/wp\/v2\/pages\/5576\/revisions"}],"predecessor-version":[{"id":9928,"href":"https:\/\/www.himalayanecotourism.com\/fr\/wp-json\/wp\/v2\/pages\/5576\/revisions\/9928"}],"wp:featuredmedia":[{"embeddable":true,"href":"https:\/\/www.himalayanecotourism.com\/fr\/wp-json\/wp\/v2\/media\/6169"}],"wp:attachment":[{"href":"https:\/\/www.himalayanecotourism.com\/fr\/wp-json\/wp\/v2\/media?parent=5576"}],"curies":[{"name":"wp","href":"https:\/\/api.w.org\/{rel}","templated":true}]}}